{"id":13,"date":"2021-07-09T16:00:06","date_gmt":"2021-07-09T16:00:06","guid":{"rendered":"https:\/\/etanaka.tk\/?page_id=13"},"modified":"2024-02-14T17:01:27","modified_gmt":"2024-02-14T17:01:27","slug":"inicio","status":"publish","type":"page","link":"https:\/\/nld.mirex.gob.do\/consular\/amsterdam\/","title":{"rendered":"Inicio"},"content":{"rendered":"\t\t<div data-elementor-type=\"wp-page\" data-elementor-id=\"13\" class=\"elementor elementor-13\" data-elementor-post-type=\"page\">\n\t\t\t\t\t\t<section class=\"elementor-section elementor-top-section elementor-element elementor-element-c320e64 elementor-section-full_width elementor-section-height-default elementor-section-height-default\" data-id=\"c320e64\" data-element_type=\"section\" data-e-type=\"section\" data-settings=\"{&quot;background_background&quot;:&quot;classic&quot;}\">\n\t\t\t\t\t\t\t<div class=\"elementor-background-overlay\"><\/div>\n\t\t\t\t\t\t\t<div class=\"elementor-container elementor-column-gap-default\">\n\t\t\t\t\t<div class=\"elementor-column elementor-col-100 elementor-top-column elementor-element elementor-element-dcd93a4\" data-id=\"dcd93a4\" data-element_type=\"column\" data-e-type=\"column\">\n\t\t\t<div class=\"elementor-widget-wrap elementor-element-populated\">\n\t\t\t\t\t\t<div class=\"elementor-element elementor-element-a3e6cef elementor-pagination-position-inside elementor-skin-carousel elementor-arrows-yes elementor-pagination-type-bullets elementor-invisible elementor-widget elementor-widget-media-carousel\" data-id=\"a3e6cef\" data-element_type=\"widget\" data-e-type=\"widget\" data-settings=\"{&quot;slides_per_view&quot;:&quot;1&quot;,&quot;_animation&quot;:&quot;fadeIn&quot;,&quot;skin&quot;:&quot;carousel&quot;,&quot;effect&quot;:&quot;slide&quot;,&quot;show_arrows&quot;:&quot;yes&quot;,&quot;pagination&quot;:&quot;bullets&quot;,&quot;speed&quot;:500,&quot;autoplay&quot;:&quot;yes&quot;,&quot;autoplay_speed&quot;:5000,&quot;loop&quot;:&quot;yes&quot;,&quot;pause_on_hover&quot;:&quot;yes&quot;,&quot;pause_on_interaction&quot;:&quot;yes&quot;,&quot;space_between&quot;:{&quot;unit&quot;:&quot;px&quot;,&quot;size&quot;:10,&quot;sizes&quot;:[]},&quot;space_between_tablet&quot;:{&quot;unit&quot;:&quot;px&quot;,&quot;size&quot;:10,&quot;sizes&quot;:[]},&quot;space_between_mobile&quot;:{&quot;unit&quot;:&quot;px&quot;,&quot;size&quot;:10,&quot;sizes&quot;:[]}}\" data-widget_type=\"media-carousel.default\">\n\t\t\t\t<div class=\"elementor-widget-container\">\n\t\t\t\t\t\t\t\t\t<div class=\"elementor-swiper\">\n\t\t\t\t\t<div class=\"elementor-main-swiper swiper\" role=\"region\" aria-roledescription=\"carousel\" aria-label=\"Slides\">\n\t\t\t\t<div class=\"swiper-wrapper\">\n\t\t\t\t\t\t\t\t\t\t\t<div class=\"swiper-slide\" role=\"group\" aria-roledescription=\"slide\">\n\t\t\t\t\t\t\t\t\t<div class=\"elementor-carousel-image\" role=\"img\" aria-label=\"banner dominican flag\" style=\"background-image: url(&#039;https:\/\/nld.mirex.gob.do\/consular\/amsterdam\/wp-content\/uploads\/2022\/06\/banner-dominican-flag.png&#039;)\">\n\n\t\t\t\n\t\t\t\t\t<\/div>\n\t\t\t\t\t\t\t\t<\/div>\n\t\t\t\t\t\t\t\t\t<\/div>\n\t\t\t\t\t\t\t<\/div>\n\t\t\t\t<\/div>\n\t\t\t\t\t\t\t\t<\/div>\n\t\t\t\t<\/div>\n\t\t\t\t\t<\/div>\n\t\t<\/div>\n\t\t\t\t\t<\/div>\n\t\t<\/section>\n\t\t\t\t<section class=\"elementor-section elementor-top-section elementor-element elementor-element-55b76ce9 elementor-section-height-min-height elementor-section-boxed elementor-section-height-default elementor-section-items-middle\" data-id=\"55b76ce9\" data-element_type=\"section\" data-e-type=\"section\">\n\t\t\t\t\t\t\t<div class=\"elementor-background-overlay\"><\/div>\n\t\t\t\t\t\t\t<div class=\"elementor-container elementor-column-gap-default\">\n\t\t\t\t\t<div class=\"elementor-column elementor-col-50 elementor-top-column elementor-element elementor-element-362921c1\" data-id=\"362921c1\" data-element_type=\"column\" data-e-type=\"column\">\n\t\t\t<div class=\"elementor-widget-wrap elementor-element-populated\">\n\t\t\t\t\t\t<div class=\"elementor-element elementor-element-1a6a31d1 elementor-invisible elementor-widget elementor-widget-image\" data-id=\"1a6a31d1\" data-element_type=\"widget\" data-e-type=\"widget\" data-settings=\"{&quot;_animation&quot;:&quot;fadeInLeft&quot;}\" data-widget_type=\"image.default\">\n\t\t\t\t<div class=\"elementor-widget-container\">\n\t\t\t\t\t\t\t\t\t\t\t\t\t\t\t<img fetchpriority=\"high\" decoding=\"async\" width=\"801\" height=\"418\" src=\"https:\/\/nld.mirex.gob.do\/consular\/amsterdam\/wp-content\/uploads\/2022\/06\/auth-image.png\" class=\"attachment-large size-large wp-image-6035\" alt=\"\" srcset=\"https:\/\/nld.mirex.gob.do\/consular\/amsterdam\/wp-content\/uploads\/2022\/06\/auth-image.png 801w, https:\/\/nld.mirex.gob.do\/consular\/amsterdam\/wp-content\/uploads\/2022\/06\/auth-image-300x157.png 300w, https:\/\/nld.mirex.gob.do\/consular\/amsterdam\/wp-content\/uploads\/2022\/06\/auth-image-768x401.png 768w\" sizes=\"(max-width: 801px) 100vw, 801px\" \/>\t\t\t\t\t\t\t\t\t\t\t\t\t\t\t<\/div>\n\t\t\t\t<\/div>\n\t\t\t\t\t<\/div>\n\t\t<\/div>\n\t\t\t\t<div class=\"elementor-column elementor-col-50 elementor-top-column elementor-element elementor-element-63054a40 elementor-invisible\" data-id=\"63054a40\" data-element_type=\"column\" data-e-type=\"column\" data-settings=\"{&quot;motion_fx_motion_fx_scrolling&quot;:&quot;yes&quot;,&quot;animation&quot;:&quot;fadeInRight&quot;,&quot;motion_fx_devices&quot;:[&quot;desktop&quot;,&quot;tablet&quot;,&quot;mobile&quot;]}\">\n\t\t\t<div class=\"elementor-widget-wrap elementor-element-populated\">\n\t\t\t\t\t\t<div class=\"elementor-element elementor-element-7eb1e1c elementor-widget elementor-widget-heading\" data-id=\"7eb1e1c\" data-element_type=\"widget\" data-e-type=\"widget\" data-widget_type=\"heading.default\">\n\t\t\t\t<div class=\"elementor-widget-container\">\n\t\t\t\t\t<h2 class=\"elementor-heading-title elementor-size-default\">E-TICKET<\/h2>\t\t\t\t<\/div>\n\t\t\t\t<\/div>\n\t\t\t\t<div class=\"elementor-element elementor-element-3b7752bd elementor-widget elementor-widget-text-editor\" data-id=\"3b7752bd\" data-element_type=\"widget\" data-e-type=\"widget\" data-widget_type=\"text-editor.default\">\n\t\t\t\t<div class=\"elementor-widget-container\">\n\t\t\t\t\t\t\t\t\t<p style=\"text-align: center;\">Formulario obligatorio <br \/>para entrada y salida <br \/>de la Rep\u00fablica Dominicana<\/p>\t\t\t\t\t\t\t\t<\/div>\n\t\t\t\t<\/div>\n\t\t\t\t<div class=\"elementor-element elementor-element-63199128 elementor-widget elementor-widget-heading\" data-id=\"63199128\" data-element_type=\"widget\" data-e-type=\"widget\" data-widget_type=\"heading.default\">\n\t\t\t\t<div class=\"elementor-widget-container\">\n\t\t\t\t\t<h2 class=\"elementor-heading-title elementor-size-default\">\u00a1Ahorra tiempo!<\/h2>\t\t\t\t<\/div>\n\t\t\t\t<\/div>\n\t\t\t\t<div class=\"elementor-element elementor-element-201eff40 elementor-align-center elementor-widget elementor-widget-button\" data-id=\"201eff40\" data-element_type=\"widget\" data-e-type=\"widget\" data-widget_type=\"button.default\">\n\t\t\t\t<div class=\"elementor-widget-container\">\n\t\t\t\t\t\t\t\t\t<div class=\"elementor-button-wrapper\">\n\t\t\t\t\t<a class=\"elementor-button elementor-button-link elementor-size-sm\" href=\"https:\/\/eticket.migracion.gob.do\/\" target=\"_blank\">\n\t\t\t\t\t\t<span class=\"elementor-button-content-wrapper\">\n\t\t\t\t\t\t\t\t\t<span class=\"elementor-button-text\">\u00a1Ll\u00e9nalo aqui!<\/span>\n\t\t\t\t\t<\/span>\n\t\t\t\t\t<\/a>\n\t\t\t\t<\/div>\n\t\t\t\t\t\t\t\t<\/div>\n\t\t\t\t<\/div>\n\t\t\t\t\t<\/div>\n\t\t<\/div>\n\t\t\t\t\t<\/div>\n\t\t<\/section>\n\t\t\t\t<section class=\"elementor-section elementor-top-section elementor-element elementor-element-8942615 elementor-section-boxed elementor-section-height-default elementor-section-height-default\" data-id=\"8942615\" data-element_type=\"section\" data-e-type=\"section\">\n\t\t\t\t\t\t<div class=\"elementor-container elementor-column-gap-default\">\n\t\t\t\t\t<div class=\"elementor-column elementor-col-100 elementor-top-column elementor-element elementor-element-b148d72\" data-id=\"b148d72\" data-element_type=\"column\" data-e-type=\"column\">\n\t\t\t<div class=\"elementor-widget-wrap elementor-element-populated\">\n\t\t\t\t\t\t<div class=\"elementor-element elementor-element-8af3156 elementor-invisible elementor-widget elementor-widget-heading\" data-id=\"8af3156\" data-element_type=\"widget\" data-e-type=\"widget\" data-settings=\"{&quot;_animation&quot;:&quot;slideInRight&quot;}\" data-widget_type=\"heading.default\">\n\t\t\t\t<div class=\"elementor-widget-container\">\n\t\t\t\t\t<h2 class=\"elementor-heading-title elementor-size-default\">Servicios\n\n<\/h2>\t\t\t\t<\/div>\n\t\t\t\t<\/div>\n\t\t\t\t<div class=\"elementor-element elementor-element-ba5ceb0 elementor-widget-divider--view-line elementor-widget elementor-widget-divider\" data-id=\"ba5ceb0\" data-element_type=\"widget\" data-e-type=\"widget\" data-widget_type=\"divider.default\">\n\t\t\t\t<div class=\"elementor-widget-container\">\n\t\t\t\t\t\t\t<div class=\"elementor-divider\">\n\t\t\t<span class=\"elementor-divider-separator\">\n\t\t\t\t\t\t<\/span>\n\t\t<\/div>\n\t\t\t\t\t\t<\/div>\n\t\t\t\t<\/div>\n\t\t\t\t<section class=\"elementor-section elementor-inner-section elementor-element elementor-element-a752372 elementor-section-content-middle elementor-section-boxed elementor-section-height-default elementor-section-height-default elementor-invisible\" data-id=\"a752372\" data-element_type=\"section\" data-e-type=\"section\" data-settings=\"{&quot;animation&quot;:&quot;slideInLeft&quot;}\">\n\t\t\t\t\t\t<div class=\"elementor-container elementor-column-gap-default\">\n\t\t\t\t\t<div class=\"elementor-column elementor-col-33 elementor-inner-column elementor-element elementor-element-bb48514 elementor-invisible\" data-id=\"bb48514\" data-element_type=\"column\" data-e-type=\"column\" data-settings=\"{&quot;animation&quot;:&quot;fadeIn&quot;}\">\n\t\t\t<div class=\"elementor-widget-wrap elementor-element-populated\">\n\t\t\t\t\t\t<div class=\"elementor-element elementor-element-45db20b elementor-cta--skin-classic elementor-animated-content elementor-bg-transform elementor-bg-transform-zoom-in elementor-widget elementor-widget-call-to-action\" data-id=\"45db20b\" data-element_type=\"widget\" data-e-type=\"widget\" data-widget_type=\"call-to-action.default\">\n\t\t\t\t<div class=\"elementor-widget-container\">\n\t\t\t\t\t\t\t<a class=\"elementor-cta\" href=\"https:\/\/servicios360.mirex.gob.do\/pasaportes\/\" target=\"_blank\">\n\t\t\t\t\t\t\t<div class=\"elementor-cta__content\">\n\t\t\t\t\t\t\t\t\t<div class=\"elementor-content-item elementor-cta__content-item elementor-icon-wrapper elementor-cta__icon elementor-view-default\">\n\t\t\t\t\t\t<div class=\"elementor-icon\">\n\t\t\t\t\t\t\t<i aria-hidden=\"true\" class=\"fas fa-passport\"><\/i>\t\t\t\t\t\t<\/div>\n\t\t\t\t\t<\/div>\n\t\t\t\t\n\t\t\t\t\t\t\t\t\t<h3 class=\"elementor-cta__title elementor-cta__content-item elementor-content-item\">\n\t\t\t\t\t\tPasaportes\t\t\t\t\t<\/h3>\n\t\t\t\t\n\t\t\t\t\n\t\t\t\t\t\t\t<\/div>\n\t\t\t\t\t\t<\/a>\n\t\t\t\t\t\t<\/div>\n\t\t\t\t<\/div>\n\t\t\t\t\t<\/div>\n\t\t<\/div>\n\t\t\t\t<div class=\"elementor-column elementor-col-33 elementor-inner-column elementor-element elementor-element-c71e087 elementor-invisible\" data-id=\"c71e087\" data-element_type=\"column\" data-e-type=\"column\" data-settings=\"{&quot;animation&quot;:&quot;fadeIn&quot;}\">\n\t\t\t<div class=\"elementor-widget-wrap elementor-element-populated\">\n\t\t\t\t\t\t<div class=\"elementor-element elementor-element-a280c24 elementor-cta--skin-classic elementor-animated-content elementor-bg-transform elementor-bg-transform-zoom-in elementor-widget elementor-widget-call-to-action\" data-id=\"a280c24\" data-element_type=\"widget\" data-e-type=\"widget\" data-widget_type=\"call-to-action.default\">\n\t\t\t\t<div class=\"elementor-widget-container\">\n\t\t\t\t\t\t\t<a class=\"elementor-cta\" href=\"https:\/\/servicios360.mirex.gob.do\/visas\/\" target=\"_blank\">\n\t\t\t\t\t\t\t<div class=\"elementor-cta__content\">\n\t\t\t\t\t\t\t\t\t<div class=\"elementor-content-item elementor-cta__content-item elementor-icon-wrapper elementor-cta__icon elementor-view-default\">\n\t\t\t\t\t\t<div class=\"elementor-icon\">\n\t\t\t\t\t\t\t<i aria-hidden=\"true\" class=\"fas fa-plane\"><\/i>\t\t\t\t\t\t<\/div>\n\t\t\t\t\t<\/div>\n\t\t\t\t\n\t\t\t\t\t\t\t\t\t<h3 class=\"elementor-cta__title elementor-cta__content-item elementor-content-item\">\n\t\t\t\t\t\tExpedici\u00f3n Visa\t\t\t\t\t<\/h3>\n\t\t\t\t\n\t\t\t\t\n\t\t\t\t\t\t\t<\/div>\n\t\t\t\t\t\t<\/a>\n\t\t\t\t\t\t<\/div>\n\t\t\t\t<\/div>\n\t\t\t\t\t<\/div>\n\t\t<\/div>\n\t\t\t\t<div class=\"elementor-column elementor-col-33 elementor-inner-column elementor-element elementor-element-21d2b88 elementor-invisible\" data-id=\"21d2b88\" data-element_type=\"column\" data-e-type=\"column\" data-settings=\"{&quot;animation&quot;:&quot;fadeIn&quot;}\">\n\t\t\t<div class=\"elementor-widget-wrap elementor-element-populated\">\n\t\t\t\t\t\t<div class=\"elementor-element elementor-element-57e5dda elementor-cta--skin-classic elementor-animated-content elementor-bg-transform elementor-bg-transform-zoom-in elementor-widget elementor-widget-call-to-action\" data-id=\"57e5dda\" data-element_type=\"widget\" data-e-type=\"widget\" data-widget_type=\"call-to-action.default\">\n\t\t\t\t<div class=\"elementor-widget-container\">\n\t\t\t\t\t\t\t<a class=\"elementor-cta\" href=\"https:\/\/servicios360.mirex.gob.do\/apostillas-legalizaciones\" target=\"_blank\">\n\t\t\t\t\t\t\t<div class=\"elementor-cta__content\">\n\t\t\t\t\t\t\t\t\t<div class=\"elementor-content-item elementor-cta__content-item elementor-icon-wrapper elementor-cta__icon elementor-view-default\">\n\t\t\t\t\t\t<div class=\"elementor-icon\">\n\t\t\t\t\t\t\t<i aria-hidden=\"true\" class=\"fas fa-stamp\"><\/i>\t\t\t\t\t\t<\/div>\n\t\t\t\t\t<\/div>\n\t\t\t\t\n\t\t\t\t\t\t\t\t\t<h3 class=\"elementor-cta__title elementor-cta__content-item elementor-content-item\">\n\t\t\t\t\t\tLegalizaci\u00f3n\t\t\t\t\t<\/h3>\n\t\t\t\t\n\t\t\t\t\n\t\t\t\t\t\t\t<\/div>\n\t\t\t\t\t\t<\/a>\n\t\t\t\t\t\t<\/div>\n\t\t\t\t<\/div>\n\t\t\t\t\t<\/div>\n\t\t<\/div>\n\t\t\t\t\t<\/div>\n\t\t<\/section>\n\t\t\t\t<section class=\"elementor-section elementor-inner-section elementor-element elementor-element-0134c8e elementor-section-content-middle elementor-section-boxed elementor-section-height-default elementor-section-height-default elementor-invisible\" data-id=\"0134c8e\" data-element_type=\"section\" data-e-type=\"section\" data-settings=\"{&quot;animation&quot;:&quot;slideInLeft&quot;}\">\n\t\t\t\t\t\t<div class=\"elementor-container elementor-column-gap-default\">\n\t\t\t\t\t<div class=\"elementor-column elementor-col-33 elementor-inner-column elementor-element elementor-element-386d1cd elementor-invisible\" data-id=\"386d1cd\" data-element_type=\"column\" data-e-type=\"column\" data-settings=\"{&quot;animation&quot;:&quot;fadeIn&quot;}\">\n\t\t\t<div class=\"elementor-widget-wrap elementor-element-populated\">\n\t\t\t\t\t\t<div class=\"elementor-element elementor-element-95f0fb5 elementor-cta--skin-classic elementor-animated-content elementor-bg-transform elementor-bg-transform-zoom-in elementor-widget elementor-widget-call-to-action\" data-id=\"95f0fb5\" data-element_type=\"widget\" data-e-type=\"widget\" data-widget_type=\"call-to-action.default\">\n\t\t\t\t<div class=\"elementor-widget-container\">\n\t\t\t\t\t\t\t<a class=\"elementor-cta\" href=\"https:\/\/servicios360.mirex.gob.do\/certificaciones\/\" target=\"_blank\">\n\t\t\t\t\t\t\t<div class=\"elementor-cta__content\">\n\t\t\t\t\t\t\t\t\t<div class=\"elementor-content-item elementor-cta__content-item elementor-icon-wrapper elementor-cta__icon elementor-view-default\">\n\t\t\t\t\t\t<div class=\"elementor-icon\">\n\t\t\t\t\t\t\t<i aria-hidden=\"true\" class=\"fas fa-award\"><\/i>\t\t\t\t\t\t<\/div>\n\t\t\t\t\t<\/div>\n\t\t\t\t\n\t\t\t\t\t\t\t\t\t<h3 class=\"elementor-cta__title elementor-cta__content-item elementor-content-item\">\n\t\t\t\t\t\tCertificaciones\t\t\t\t\t<\/h3>\n\t\t\t\t\n\t\t\t\t\n\t\t\t\t\t\t\t<\/div>\n\t\t\t\t\t\t<\/a>\n\t\t\t\t\t\t<\/div>\n\t\t\t\t<\/div>\n\t\t\t\t\t<\/div>\n\t\t<\/div>\n\t\t\t\t<div class=\"elementor-column elementor-col-33 elementor-inner-column elementor-element elementor-element-c312e4d elementor-invisible\" data-id=\"c312e4d\" data-element_type=\"column\" data-e-type=\"column\" data-settings=\"{&quot;animation&quot;:&quot;fadeIn&quot;}\">\n\t\t\t<div class=\"elementor-widget-wrap elementor-element-populated\">\n\t\t\t\t\t\t<div class=\"elementor-element elementor-element-f6993f4 elementor-cta--skin-classic elementor-animated-content elementor-bg-transform elementor-bg-transform-zoom-in elementor-widget elementor-widget-call-to-action\" data-id=\"f6993f4\" data-element_type=\"widget\" data-e-type=\"widget\" data-widget_type=\"call-to-action.default\">\n\t\t\t\t<div class=\"elementor-widget-container\">\n\t\t\t\t\t\t\t<a class=\"elementor-cta\" href=\"https:\/\/servicios360.mirex.gob.do\/nacimiento\/\" target=\"_blank\">\n\t\t\t\t\t\t\t<div class=\"elementor-cta__content\">\n\t\t\t\t\t\t\t\t\t<div class=\"elementor-content-item elementor-cta__content-item elementor-icon-wrapper elementor-cta__icon elementor-view-default\">\n\t\t\t\t\t\t<div class=\"elementor-icon\">\n\t\t\t\t\t\t\t<i aria-hidden=\"true\" class=\"fas fa-child\"><\/i>\t\t\t\t\t\t<\/div>\n\t\t\t\t\t<\/div>\n\t\t\t\t\n\t\t\t\t\t\t\t\t\t<h3 class=\"elementor-cta__title elementor-cta__content-item elementor-content-item\">\n\t\t\t\t\t\tNacimiento\t\t\t\t\t<\/h3>\n\t\t\t\t\n\t\t\t\t\n\t\t\t\t\t\t\t<\/div>\n\t\t\t\t\t\t<\/a>\n\t\t\t\t\t\t<\/div>\n\t\t\t\t<\/div>\n\t\t\t\t\t<\/div>\n\t\t<\/div>\n\t\t\t\t<div class=\"elementor-column elementor-col-33 elementor-inner-column elementor-element elementor-element-dd61a1d elementor-invisible\" data-id=\"dd61a1d\" data-element_type=\"column\" data-e-type=\"column\" data-settings=\"{&quot;animation&quot;:&quot;fadeIn&quot;}\">\n\t\t\t<div class=\"elementor-widget-wrap elementor-element-populated\">\n\t\t\t\t\t\t<div class=\"elementor-element elementor-element-449742d elementor-cta--skin-classic elementor-animated-content elementor-bg-transform elementor-bg-transform-zoom-in elementor-widget elementor-widget-call-to-action\" data-id=\"449742d\" data-element_type=\"widget\" data-e-type=\"widget\" data-widget_type=\"call-to-action.default\">\n\t\t\t\t<div class=\"elementor-widget-container\">\n\t\t\t\t\t\t\t<a class=\"elementor-cta\" href=\"https:\/\/servicios360.mirex.gob.do\/poderes-notariales\/\" target=\"_blank\">\n\t\t\t\t\t\t\t<div class=\"elementor-cta__content\">\n\t\t\t\t\t\t\t\t\t<div class=\"elementor-content-item elementor-cta__content-item elementor-icon-wrapper elementor-cta__icon elementor-view-default\">\n\t\t\t\t\t\t<div class=\"elementor-icon\">\n\t\t\t\t\t\t\t<i aria-hidden=\"true\" class=\"far fa-file-powerpoint\"><\/i>\t\t\t\t\t\t<\/div>\n\t\t\t\t\t<\/div>\n\t\t\t\t\n\t\t\t\t\t\t\t\t\t<h3 class=\"elementor-cta__title elementor-cta__content-item elementor-content-item\">\n\t\t\t\t\t\tPoderes Notariales\t\t\t\t\t<\/h3>\n\t\t\t\t\n\t\t\t\t\n\t\t\t\t\t\t\t<\/div>\n\t\t\t\t\t\t<\/a>\n\t\t\t\t\t\t<\/div>\n\t\t\t\t<\/div>\n\t\t\t\t\t<\/div>\n\t\t<\/div>\n\t\t\t\t\t<\/div>\n\t\t<\/section>\n\t\t\t\t<section class=\"elementor-section elementor-inner-section elementor-element elementor-element-71c4d7d elementor-section-boxed elementor-section-height-default elementor-section-height-default elementor-invisible\" data-id=\"71c4d7d\" data-element_type=\"section\" data-e-type=\"section\" data-settings=\"{&quot;animation&quot;:&quot;slideInLeft&quot;}\">\n\t\t\t\t\t\t<div class=\"elementor-container elementor-column-gap-default\">\n\t\t\t\t\t<div class=\"elementor-column elementor-col-50 elementor-inner-column elementor-element elementor-element-2c9cca3\" data-id=\"2c9cca3\" data-element_type=\"column\" data-e-type=\"column\">\n\t\t\t<div class=\"elementor-widget-wrap\">\n\t\t\t\t\t\t\t<\/div>\n\t\t<\/div>\n\t\t\t\t<div class=\"elementor-column elementor-col-50 elementor-inner-column elementor-element elementor-element-1a59868\" data-id=\"1a59868\" data-element_type=\"column\" data-e-type=\"column\" data-settings=\"{&quot;animation&quot;:&quot;none&quot;}\">\n\t\t\t<div class=\"elementor-widget-wrap elementor-element-populated\">\n\t\t\t\t\t\t<div class=\"elementor-element elementor-element-a7d2a12 elementor-align-right elementor-widget elementor-widget-button\" data-id=\"a7d2a12\" data-element_type=\"widget\" data-e-type=\"widget\" data-widget_type=\"button.default\">\n\t\t\t\t<div class=\"elementor-widget-container\">\n\t\t\t\t\t\t\t\t\t<div class=\"elementor-button-wrapper\">\n\t\t\t\t\t<a class=\"elementor-button elementor-button-link elementor-size-sm\" href=\"https:\/\/servicios360.mirex.gob.do\/\" target=\"_blank\">\n\t\t\t\t\t\t<span class=\"elementor-button-content-wrapper\">\n\t\t\t\t\t\t<span class=\"elementor-button-icon\">\n\t\t\t\t<i aria-hidden=\"true\" class=\"fas fa-arrow-right\"><\/i>\t\t\t<\/span>\n\t\t\t\t\t\t\t\t\t<span class=\"elementor-button-text\">Ver todos<\/span>\n\t\t\t\t\t<\/span>\n\t\t\t\t\t<\/a>\n\t\t\t\t<\/div>\n\t\t\t\t\t\t\t\t<\/div>\n\t\t\t\t<\/div>\n\t\t\t\t\t<\/div>\n\t\t<\/div>\n\t\t\t\t\t<\/div>\n\t\t<\/section>\n\t\t\t\t\t<\/div>\n\t\t<\/div>\n\t\t\t\t\t<\/div>\n\t\t<\/section>\n\t\t\t\t<section class=\"elementor-section elementor-top-section elementor-element elementor-element-6bffaf67 elementor-section-boxed elementor-section-height-default elementor-section-height-default\" data-id=\"6bffaf67\" data-element_type=\"section\" data-e-type=\"section\" data-settings=\"{&quot;background_background&quot;:&quot;classic&quot;}\">\n\t\t\t\t\t\t<div class=\"elementor-container elementor-column-gap-default\">\n\t\t\t\t\t<div class=\"elementor-column elementor-col-100 elementor-top-column elementor-element elementor-element-2bbb1998\" data-id=\"2bbb1998\" data-element_type=\"column\" data-e-type=\"column\">\n\t\t\t<div class=\"elementor-widget-wrap elementor-element-populated\">\n\t\t\t\t\t\t<div class=\"elementor-element elementor-element-b82fc87 animated-slow elementor-invisible elementor-widget elementor-widget-heading\" data-id=\"b82fc87\" data-element_type=\"widget\" data-e-type=\"widget\" data-settings=\"{&quot;_animation&quot;:&quot;fadeInRight&quot;}\" data-widget_type=\"heading.default\">\n\t\t\t\t<div class=\"elementor-widget-container\">\n\t\t\t\t\t<h2 class=\"elementor-heading-title elementor-size-default\">\u00daltimas Noticias\n\n<\/h2>\t\t\t\t<\/div>\n\t\t\t\t<\/div>\n\t\t\t\t<div class=\"elementor-element elementor-element-19bce2dd elementor-widget-divider--view-line elementor-widget elementor-widget-divider\" data-id=\"19bce2dd\" data-element_type=\"widget\" data-e-type=\"widget\" data-widget_type=\"divider.default\">\n\t\t\t\t<div class=\"elementor-widget-container\">\n\t\t\t\t\t\t\t<div class=\"elementor-divider\">\n\t\t\t<span class=\"elementor-divider-separator\">\n\t\t\t\t\t\t<\/span>\n\t\t<\/div>\n\t\t\t\t\t\t<\/div>\n\t\t\t\t<\/div>\n\t\t\t\t<div class=\"elementor-element elementor-element-5ae63564 elementor-grid-3 elementor-grid-tablet-2 elementor-grid-mobile-1 elementor-posts--thumbnail-top elementor-card-shadow-yes elementor-posts__hover-gradient elementor-invisible elementor-widget elementor-widget-posts\" data-id=\"5ae63564\" data-element_type=\"widget\" data-e-type=\"widget\" data-settings=\"{&quot;cards_row_gap&quot;:{&quot;unit&quot;:&quot;px&quot;,&quot;size&quot;:21,&quot;sizes&quot;:[]},&quot;_animation&quot;:&quot;fadeInLeft&quot;,&quot;cards_columns&quot;:&quot;3&quot;,&quot;cards_columns_tablet&quot;:&quot;2&quot;,&quot;cards_columns_mobile&quot;:&quot;1&quot;,&quot;cards_row_gap_tablet&quot;:{&quot;unit&quot;:&quot;px&quot;,&quot;size&quot;:&quot;&quot;,&quot;sizes&quot;:[]},&quot;cards_row_gap_mobile&quot;:{&quot;unit&quot;:&quot;px&quot;,&quot;size&quot;:&quot;&quot;,&quot;sizes&quot;:[]}}\" data-widget_type=\"posts.cards\">\n\t\t\t\t<div class=\"elementor-widget-container\">\n\t\t\t\t\t\t\t<div class=\"elementor-posts-container elementor-posts elementor-posts--skin-cards elementor-grid\" role=\"list\">\n\t\t\t\t<article class=\"elementor-post elementor-grid-item post-6667 post type-post status-publish format-standard hentry category-noticias\" role=\"listitem\">\n\t\t\t<div class=\"elementor-post__card\">\n\t\t\t\t<div class=\"elementor-post__text\">\n\t\t\t\t<h3 class=\"elementor-post__title\">\n\t\t\t<a href=\"https:\/\/nld.mirex.gob.do\/consular\/amsterdam\/la-comunidad-dominicana-en-los-paises-bajos-despide-con-honor-a-la-consul-general-yoselin-garcia-rodriguez\/\" >\n\t\t\t\tLa comunidad dominicana en los Pa\u00edses Bajos despide con honor a la Consul General Yoselin Garc\u00eda Rodr\u00edguez\t\t\t<\/a>\n\t\t<\/h3>\n\t\t\t\t<div class=\"elementor-post__excerpt\">\n\t\t\t<p>La comunidad dominicana en los Pa\u00edses Bajos se reuni\u00f3 para rendir un emotivo homenaje de despedida a la C\u00f3nsul General Yoselin Garc\u00eda Rodr\u00edguez, quien concluy\u00f3<\/p>\n\t\t<\/div>\n\t\t\t\t\t<div class=\"elementor-post__read-more-wrapper\">\n\t\t\n\t\t<a class=\"elementor-post__read-more\" href=\"https:\/\/nld.mirex.gob.do\/consular\/amsterdam\/la-comunidad-dominicana-en-los-paises-bajos-despide-con-honor-a-la-consul-general-yoselin-garcia-rodriguez\/\" aria-label=\"Read more about La comunidad dominicana en los Pa\u00edses Bajos despide con honor a la Consul General Yoselin Garc\u00eda Rodr\u00edguez\" tabindex=\"-1\" >\n\t\t\tLeer m\u00e1s\t\t<\/a>\n\n\t\t\t\t\t<\/div>\n\t\t\t\t<\/div>\n\t\t\t\t<div class=\"elementor-post__meta-data\">\n\t\t\t\t\t<span class=\"elementor-post-date\">\n\t\t\tJanuary 3, 2025\t\t<\/span>\n\t\t\t\t<\/div>\n\t\t\t\t\t<\/div>\n\t\t<\/article>\n\t\t\t\t<article class=\"elementor-post elementor-grid-item post-6663 post type-post status-publish format-standard hentry category-noticias\" role=\"listitem\">\n\t\t\t<div class=\"elementor-post__card\">\n\t\t\t\t<div class=\"elementor-post__text\">\n\t\t\t\t<h3 class=\"elementor-post__title\">\n\t\t\t<a href=\"https:\/\/nld.mirex.gob.do\/consular\/amsterdam\/aviso-importante-3\/\" >\n\t\t\t\tAviso Importante\t\t\t<\/a>\n\t\t<\/h3>\n\t\t\t\t<div class=\"elementor-post__excerpt\">\n\t\t\t<p>&nbsp; Con motivo de las festividades navide\u00f1as, nuestro consulado permanecer\u00e1 cerrado desde el lunes 23 de diciembre hasta el mi\u00e9rcoles 1 de enero. Reanudaremos nuestra<\/p>\n\t\t<\/div>\n\t\t\t\t\t<div class=\"elementor-post__read-more-wrapper\">\n\t\t\n\t\t<a class=\"elementor-post__read-more\" href=\"https:\/\/nld.mirex.gob.do\/consular\/amsterdam\/aviso-importante-3\/\" aria-label=\"Read more about Aviso Importante\" tabindex=\"-1\" >\n\t\t\tLeer m\u00e1s\t\t<\/a>\n\n\t\t\t\t\t<\/div>\n\t\t\t\t<\/div>\n\t\t\t\t<div class=\"elementor-post__meta-data\">\n\t\t\t\t\t<span class=\"elementor-post-date\">\n\t\t\tDecember 20, 2024\t\t<\/span>\n\t\t\t\t<\/div>\n\t\t\t\t\t<\/div>\n\t\t<\/article>\n\t\t\t\t<article class=\"elementor-post elementor-grid-item post-6659 post type-post status-publish format-standard hentry category-noticias\" role=\"listitem\">\n\t\t\t<div class=\"elementor-post__card\">\n\t\t\t\t<div class=\"elementor-post__text\">\n\t\t\t\t<h3 class=\"elementor-post__title\">\n\t\t\t<a href=\"https:\/\/nld.mirex.gob.do\/consular\/amsterdam\/memorias-de-la-gestion-2021-2024-de-la-sra-consul-yoselin-garcia-rodriguez\/\" >\n\t\t\t\tMemorias de la Gesti\u00f3n 2021-2024 de la Sra. C\u00f3nsul Yoselin Garc\u00eda Rodr\u00edguez\t\t\t<\/a>\n\t\t<\/h3>\n\t\t\t\t<div class=\"elementor-post__excerpt\">\n\t\t\t<p>&nbsp; Desde nuestro Consulado, nos complace compartir con todos ustedes los logros y avances alcanzados durante la gesti\u00f3n 2021-2024, bajo el liderazgo de nuestra querida<\/p>\n\t\t<\/div>\n\t\t\t\t\t<div class=\"elementor-post__read-more-wrapper\">\n\t\t\n\t\t<a class=\"elementor-post__read-more\" href=\"https:\/\/nld.mirex.gob.do\/consular\/amsterdam\/memorias-de-la-gestion-2021-2024-de-la-sra-consul-yoselin-garcia-rodriguez\/\" aria-label=\"Read more about Memorias de la Gesti\u00f3n 2021-2024 de la Sra. C\u00f3nsul Yoselin Garc\u00eda Rodr\u00edguez\" tabindex=\"-1\" >\n\t\t\tLeer m\u00e1s\t\t<\/a>\n\n\t\t\t\t\t<\/div>\n\t\t\t\t<\/div>\n\t\t\t\t<div class=\"elementor-post__meta-data\">\n\t\t\t\t\t<span class=\"elementor-post-date\">\n\t\t\tDecember 13, 2024\t\t<\/span>\n\t\t\t\t<\/div>\n\t\t\t\t\t<\/div>\n\t\t<\/article>\n\t\t\t\t<\/div>\n\t\t\n\t\t\t\t\t\t<\/div>\n\t\t\t\t<\/div>\n\t\t\t\t\t<\/div>\n\t\t<\/div>\n\t\t\t\t\t<\/div>\n\t\t<\/section>\n\t\t\t\t<section class=\"elementor-section elementor-top-section elementor-element elementor-element-a3ba1f5 elementor-section-boxed elementor-section-height-default elementor-section-height-default\" data-id=\"a3ba1f5\" data-element_type=\"section\" data-e-type=\"section\">\n\t\t\t\t\t\t<div class=\"elementor-container elementor-column-gap-default\">\n\t\t\t\t\t<div class=\"elementor-column elementor-col-100 elementor-top-column elementor-element elementor-element-9fba64e\" data-id=\"9fba64e\" data-element_type=\"column\" data-e-type=\"column\">\n\t\t\t<div class=\"elementor-widget-wrap elementor-element-populated\">\n\t\t\t\t\t\t<div class=\"elementor-element elementor-element-9c622f4 elementor-invisible elementor-widget elementor-widget-heading\" data-id=\"9c622f4\" data-element_type=\"widget\" data-e-type=\"widget\" data-settings=\"{&quot;_animation&quot;:&quot;slideInRight&quot;}\" data-widget_type=\"heading.default\">\n\t\t\t\t<div class=\"elementor-widget-container\">\n\t\t\t\t\t<h2 class=\"elementor-heading-title elementor-size-default\">Multimedia\n<\/h2>\t\t\t\t<\/div>\n\t\t\t\t<\/div>\n\t\t\t\t<div class=\"elementor-element elementor-element-14238e2 elementor-widget-divider--view-line elementor-widget elementor-widget-divider\" data-id=\"14238e2\" data-element_type=\"widget\" data-e-type=\"widget\" data-widget_type=\"divider.default\">\n\t\t\t\t<div class=\"elementor-widget-container\">\n\t\t\t\t\t\t\t<div class=\"elementor-divider\">\n\t\t\t<span class=\"elementor-divider-separator\">\n\t\t\t\t\t\t<\/span>\n\t\t<\/div>\n\t\t\t\t\t\t<\/div>\n\t\t\t\t<\/div>\n\t\t\t\t<div class=\"elementor-element elementor-element-35bbf9a elementor-invisible elementor-widget elementor-widget-shortcode\" data-id=\"35bbf9a\" data-element_type=\"widget\" data-e-type=\"widget\" data-settings=\"{&quot;_animation&quot;:&quot;slideInLeft&quot;}\" data-widget_type=\"shortcode.default\">\n\t\t\t\t<div class=\"elementor-widget-container\">\n\t\t\t\t\t\t\t<div class=\"elementor-shortcode\">\n\n<div id=\"sb_youtube_sbyUCdLyJH1znrd8s4E0b2CeeA6\" \n\t class=\"sb_youtube sby_layout_grid sby_col_3 sby_mob_col_1 sby_palette_custom  sby_width_resp\" \n\tdata-feedid=\"sby_UCdL_yJH1znrd8s4E0b2CeeA#6\" \n\tdata-shortcode-atts=\"{&quot;feed&quot;:&quot;1&quot;}\" \n\tdata-cols=\"3\" \n\tdata-colsmobile=\"1\" \n\tdata-num=\"6\" \n\tdata-nummobile=\"6\" \n\tdata-channel-subscribers=\"3.6K subscribers\"\tdata-subscribe-btn=\"1\" \n\tdata-subscribe-btn-text=\"Suscribir\" \n\tdata_channel_header_colors =\"{&quot;channelName&quot;:&quot;&quot;,&quot;subscribeCount&quot;:&quot;&quot;,&quot;buttonBackground&quot;:&quot;&quot;,&quot;buttonText&quot;:&quot;&quot;}\"\n\t data-sby-flags=\"resizeDisable\" data-postid=\"6659\" data-sby-supports-lightbox=\"1\" \n\t data-videocardlayout=\"vertical\" \n>\n\t        <div class=\"sby_items_wrap\" style=\"padding: 5px;\">\n\t\t<div class=\"sby_item  sby_new sby_transition\" id=\"sby_VVVkTF95Skgxem5yZDhzNEUwYjJDZWVBLmVRN3lYQTB2U2l3\" data-date=\"1776891625\" data-video-id=\"eQ7yXA0vSiw\">\n    <div class=\"sby_inner_item\">\n        <div class=\"sby_video_thumbnail_wrap sby_item_video_thumbnail_wrap\">\n            <a class=\"sby_video_thumbnail sby_item_video_thumbnail\" href=\"https:\/\/www.youtube.com\/watch?v=eQ7yXA0vSiw\" target=\"_blank\" rel=\"noopener\" data-full-res=\"https:\/\/i.ytimg.com\/vi\/eQ7yXA0vSiw\/maxresdefault.jpg\" data-img-src-set=\"{&quot;120&quot;:&quot;https:\\\/\\\/i.ytimg.com\\\/vi\\\/eQ7yXA0vSiw\\\/default.jpg&quot;,&quot;320&quot;:&quot;https:\\\/\\\/i.ytimg.com\\\/vi\\\/eQ7yXA0vSiw\\\/mqdefault.jpg&quot;,&quot;480&quot;:&quot;https:\\\/\\\/i.ytimg.com\\\/vi\\\/eQ7yXA0vSiw\\\/hqdefault.jpg&quot;,&quot;640&quot;:&quot;https:\\\/\\\/i.ytimg.com\\\/vi\\\/eQ7yXA0vSiw\\\/sddefault.jpg&quot;}\" data-video-id=\"eQ7yXA0vSiw\" data-video-title=\"Presidente Abinader recibe Cartas Credenciales de seis nuevos embajadores acreditados en el pa\u00eds\">\n                <img decoding=\"async\" src=\"https:\/\/nld.mirex.gob.do\/consular\/amsterdam\/wp-content\/plugins\/feeds-for-youtube\/img\/placeholder.png\" alt=\"El presidente Luis Abinader, en compa\u00f1\u00eda de la vicepresidenta Raquel Pe\u00f1a y el canciller Roberto \u00c1lvarez, recibi\u00f3 las Cartas Credenciales de seis nuevos embajadores, quienes quedaron formalmente acreditados ante el Gobierno dominicano.\n\nSe trata de los nuevos representantes de la delegaci\u00f3n de la Republica Italiana, Sergio Maffettone; Confederaci\u00f3n Suiza, Pascal Bornoz; Nueva Zelanda, Nicola Jane Stilwell; Republica de San Marino, Alessandro Mario Segnini Bocchia Di San Lorenzo; Republica de Finlandia, Eija Rotinen y del Reino de Suecia, Anna Kristina Craenen\">\n\n                <div class=\"sby_thumbnail_hover sby_item_video_thumbnail_hover\">\n                    <div class=\"sby_thumbnail_hover_inner\">\n                                                    <span class=\"sby_video_title\" >Presidente Abinader recibe Cartas Credenciales de seis nuevos embajadores acreditados en el pa\u00eds<\/span>\n                                            <\/div>\n                <\/div>\n\n                                    <div class=\"sby_play_btn\" >\n                        <span class=\"sby_play_btn_bg\"><\/span>\n                        <svg aria-hidden=\"true\" focusable=\"false\" data-prefix=\"fab\" data-icon=\"youtube\" role=\"img\" xmlns=\"http:\/\/www.w3.org\/2000\/svg\" viewBox=\"0 0 576 512\" class=\"svg-inline--fa fa-youtube fa-w-18\"><path fill=\"currentColor\" d=\"M549.655 124.083c-6.281-23.65-24.787-42.276-48.284-48.597C458.781 64 288 64 288 64S117.22 64 74.629 75.486c-23.497 6.322-42.003 24.947-48.284 48.597-11.412 42.867-11.412 132.305-11.412 132.305s0 89.438 11.412 132.305c6.281 23.65 24.787 41.5 48.284 47.821C117.22 448 288 448 288 448s170.78 0 213.371-11.486c23.497-6.321 42.003-24.171 48.284-47.821 11.412-42.867 11.412-132.305 11.412-132.305s0-89.438-11.412-132.305zm-317.51 213.508V175.185l142.739 81.205-142.739 81.201z\" class=\"\"><\/path><\/svg>                    <\/div>\n                                <span class=\"sby_loader sby_hidden\" style=\"background-color: rgb(255, 255, 255);\"><\/span>\n            <\/a>\n\n                    <\/div>\n    <\/div>\n<\/div><div class=\"sby_item  sby_new sby_transition\" id=\"sby_VVVkTF95Skgxem5yZDhzNEUwYjJDZWVBLl81OVh4ZUZxMk5z\" data-date=\"1775501940\" data-video-id=\"_59XxeFq2Ns\">\n    <div class=\"sby_inner_item\">\n        <div class=\"sby_video_thumbnail_wrap sby_item_video_thumbnail_wrap\">\n            <a class=\"sby_video_thumbnail sby_item_video_thumbnail\" href=\"https:\/\/www.youtube.com\/watch?v=_59XxeFq2Ns\" target=\"_blank\" rel=\"noopener\" data-full-res=\"https:\/\/i.ytimg.com\/vi\/_59XxeFq2Ns\/maxresdefault.jpg\" data-img-src-set=\"{&quot;120&quot;:&quot;https:\\\/\\\/i.ytimg.com\\\/vi\\\/_59XxeFq2Ns\\\/default.jpg&quot;,&quot;320&quot;:&quot;https:\\\/\\\/i.ytimg.com\\\/vi\\\/_59XxeFq2Ns\\\/mqdefault.jpg&quot;,&quot;480&quot;:&quot;https:\\\/\\\/i.ytimg.com\\\/vi\\\/_59XxeFq2Ns\\\/hqdefault.jpg&quot;,&quot;640&quot;:&quot;https:\\\/\\\/i.ytimg.com\\\/vi\\\/_59XxeFq2Ns\\\/sddefault.jpg&quot;}\" data-video-id=\"_59XxeFq2Ns\" data-video-title=\"152 a\u00f1os al servicio de los intereses de Rep\u00fablica Dominicana en el \u00e1mbito internacional\">\n                <img decoding=\"async\" src=\"https:\/\/nld.mirex.gob.do\/consular\/amsterdam\/wp-content\/plugins\/feeds-for-youtube\/img\/placeholder.png\" alt=\"152 a\u00f1os al servicio de los intereses de Rep\u00fablica Dominicana en el \u00e1mbito internacional. \ud83c\udde9\ud83c\uddf4\n\nEl pasado 4 de abril conmemoramos un nuevo aniversario de nuestra Canciller\u00eda, una fecha que nos invita no solo a celebrar nuestra historia, sino tambi\u00e9n a renovar el compromiso de servir con integridad y sentido de Estado.\n\nReconocemos la labor de generaciones de diplom\u00e1ticos y servidores p\u00fablicos, y agradecemos a quienes hoy contin\u00faan fortaleciendo esta misi\u00f3n.\">\n\n                <div class=\"sby_thumbnail_hover sby_item_video_thumbnail_hover\">\n                    <div class=\"sby_thumbnail_hover_inner\">\n                                                    <span class=\"sby_video_title\" >152 a\u00f1os al servicio de los intereses de Rep\u00fablica Dominicana en el \u00e1mbito internacional<\/span>\n                                            <\/div>\n                <\/div>\n\n                                    <div class=\"sby_play_btn\" >\n                        <span class=\"sby_play_btn_bg\"><\/span>\n                        <svg aria-hidden=\"true\" focusable=\"false\" data-prefix=\"fab\" data-icon=\"youtube\" role=\"img\" xmlns=\"http:\/\/www.w3.org\/2000\/svg\" viewBox=\"0 0 576 512\" class=\"svg-inline--fa fa-youtube fa-w-18\"><path fill=\"currentColor\" d=\"M549.655 124.083c-6.281-23.65-24.787-42.276-48.284-48.597C458.781 64 288 64 288 64S117.22 64 74.629 75.486c-23.497 6.322-42.003 24.947-48.284 48.597-11.412 42.867-11.412 132.305-11.412 132.305s0 89.438 11.412 132.305c6.281 23.65 24.787 41.5 48.284 47.821C117.22 448 288 448 288 448s170.78 0 213.371-11.486c23.497-6.321 42.003-24.171 48.284-47.821 11.412-42.867 11.412-132.305 11.412-132.305s0-89.438-11.412-132.305zm-317.51 213.508V175.185l142.739 81.205-142.739 81.201z\" class=\"\"><\/path><\/svg>                    <\/div>\n                                <span class=\"sby_loader sby_hidden\" style=\"background-color: rgb(255, 255, 255);\"><\/span>\n            <\/a>\n\n                    <\/div>\n    <\/div>\n<\/div><div class=\"sby_item  sby_new sby_transition\" id=\"sby_VVVkTF95Skgxem5yZDhzNEUwYjJDZWVBLi1ENHA3MWh4RnA4\" data-date=\"1774276009\" data-video-id=\"-D4p71hxFp8\">\n    <div class=\"sby_inner_item\">\n        <div class=\"sby_video_thumbnail_wrap sby_item_video_thumbnail_wrap\">\n            <a class=\"sby_video_thumbnail sby_item_video_thumbnail\" href=\"https:\/\/www.youtube.com\/watch?v=-D4p71hxFp8\" target=\"_blank\" rel=\"noopener\" data-full-res=\"https:\/\/i.ytimg.com\/vi\/-D4p71hxFp8\/maxresdefault.jpg\" data-img-src-set=\"{&quot;120&quot;:&quot;https:\\\/\\\/i.ytimg.com\\\/vi\\\/-D4p71hxFp8\\\/default.jpg&quot;,&quot;320&quot;:&quot;https:\\\/\\\/i.ytimg.com\\\/vi\\\/-D4p71hxFp8\\\/mqdefault.jpg&quot;,&quot;480&quot;:&quot;https:\\\/\\\/i.ytimg.com\\\/vi\\\/-D4p71hxFp8\\\/hqdefault.jpg&quot;,&quot;640&quot;:&quot;https:\\\/\\\/i.ytimg.com\\\/vi\\\/-D4p71hxFp8\\\/sddefault.jpg&quot;}\" data-video-id=\"-D4p71hxFp8\" data-video-title=\"\ud83d\udcf9Descubre algunas de las acciones que fortalecieron la pol\u00edtica exterior dominicana en 2025.\">\n                <img decoding=\"async\" src=\"https:\/\/nld.mirex.gob.do\/consular\/amsterdam\/wp-content\/plugins\/feeds-for-youtube\/img\/placeholder.png\" alt=\"\ud83d\udcf9Descubre algunas de las acciones que fortalecieron la pol\u00edtica exterior dominicana en 2025. \n\nA trav\u00e9s de estrategias proactivas y orientadas a resultados, en el #MIREX trabajamos arduamente el a\u00f1o pasado para fomentar un multilateralismo efectivo y relaciones bilaterales fortalecidas.\ud83c\udde9\ud83c\uddf4\ud83e\udd1d\ud83c\udf0d\">\n\n                <div class=\"sby_thumbnail_hover sby_item_video_thumbnail_hover\">\n                    <div class=\"sby_thumbnail_hover_inner\">\n                                                    <span class=\"sby_video_title\" >\ud83d\udcf9Descubre algunas de las acciones que fortalecieron la pol\u00edtica exterior dominicana en 2025.<\/span>\n                                            <\/div>\n                <\/div>\n\n                                    <div class=\"sby_play_btn\" >\n                        <span class=\"sby_play_btn_bg\"><\/span>\n                        <svg aria-hidden=\"true\" focusable=\"false\" data-prefix=\"fab\" data-icon=\"youtube\" role=\"img\" xmlns=\"http:\/\/www.w3.org\/2000\/svg\" viewBox=\"0 0 576 512\" class=\"svg-inline--fa fa-youtube fa-w-18\"><path fill=\"currentColor\" d=\"M549.655 124.083c-6.281-23.65-24.787-42.276-48.284-48.597C458.781 64 288 64 288 64S117.22 64 74.629 75.486c-23.497 6.322-42.003 24.947-48.284 48.597-11.412 42.867-11.412 132.305-11.412 132.305s0 89.438 11.412 132.305c6.281 23.65 24.787 41.5 48.284 47.821C117.22 448 288 448 288 448s170.78 0 213.371-11.486c23.497-6.321 42.003-24.171 48.284-47.821 11.412-42.867 11.412-132.305 11.412-132.305s0-89.438-11.412-132.305zm-317.51 213.508V175.185l142.739 81.205-142.739 81.201z\" class=\"\"><\/path><\/svg>                    <\/div>\n                                <span class=\"sby_loader sby_hidden\" style=\"background-color: rgb(255, 255, 255);\"><\/span>\n            <\/a>\n\n                    <\/div>\n    <\/div>\n<\/div><div class=\"sby_item  sby_new sby_transition\" id=\"sby_VVVkTF95Skgxem5yZDhzNEUwYjJDZWVBLkZFTHhiZ0Z1U3dR\" data-date=\"1772482191\" data-video-id=\"FELxbgFuSwQ\">\n    <div class=\"sby_inner_item\">\n        <div class=\"sby_video_thumbnail_wrap sby_item_video_thumbnail_wrap\">\n            <a class=\"sby_video_thumbnail sby_item_video_thumbnail\" href=\"https:\/\/www.youtube.com\/watch?v=FELxbgFuSwQ\" target=\"_blank\" rel=\"noopener\" data-full-res=\"https:\/\/i.ytimg.com\/vi\/FELxbgFuSwQ\/maxresdefault.jpg\" data-img-src-set=\"{&quot;120&quot;:&quot;https:\\\/\\\/i.ytimg.com\\\/vi\\\/FELxbgFuSwQ\\\/default.jpg&quot;,&quot;320&quot;:&quot;https:\\\/\\\/i.ytimg.com\\\/vi\\\/FELxbgFuSwQ\\\/mqdefault.jpg&quot;,&quot;480&quot;:&quot;https:\\\/\\\/i.ytimg.com\\\/vi\\\/FELxbgFuSwQ\\\/hqdefault.jpg&quot;,&quot;640&quot;:&quot;https:\\\/\\\/i.ytimg.com\\\/vi\\\/FELxbgFuSwQ\\\/sddefault.jpg&quot;}\" data-video-id=\"FELxbgFuSwQ\" data-video-title=\"Canciller Roberto \u00c1lvarez orador de la 6ta Edici\u00f3n de la C\u00e1tedra Juan Pablo Duarte del TC.\">\n                <img decoding=\"async\" src=\"https:\/\/nld.mirex.gob.do\/consular\/amsterdam\/wp-content\/plugins\/feeds-for-youtube\/img\/placeholder.png\" alt=\"El ministro de Relaciones Exteriores, Roberto \u00c1lvarez, fue el orador de la sexta edici\u00f3n de la C\u00e1tedra Juan Pablo Duarte del Tribunal Constitucional, con la conferencia magistral: \u201cSoberan\u00eda, Constituci\u00f3n y derecho internacional: una relaci\u00f3n necesaria\u201d.\n\nEn el evento acad\u00e9mico, que busca promocionar los valores constitucionales, estuvieron presentes el presidente de Tribunal Constitucional, magistrado Napole\u00f3n R. Est\u00e9vez Lavandier; el juez presidente de Tribunal Superior Electoral, Ygnacio Pascual Camacho Hidalgo; el rector de la PUCMM, reverendo padre doctor Secilio Espinal. As\u00ed como, jueces de la Suprema Corte de Justicia, representantes del cuerpo diplom\u00e1tico, de los cuerpos castrense, de la sociedad civil y estudiantes.\n\nAdem\u00e1s, acompa\u00f1aron a canciller, los viceministros del Ministerio de Relaciones Exteriores, Rub\u00e9n Silie, Opinio D\u00edaz, Celin\u00e9s Toribio y directores del #MIREXRD.\">\n\n                <div class=\"sby_thumbnail_hover sby_item_video_thumbnail_hover\">\n                    <div class=\"sby_thumbnail_hover_inner\">\n                                                    <span class=\"sby_video_title\" >Canciller Roberto \u00c1lvarez orador de la 6ta Edici\u00f3n de la C\u00e1tedra Juan Pablo Duarte del TC.<\/span>\n                                            <\/div>\n                <\/div>\n\n                                    <div class=\"sby_play_btn\" >\n                        <span class=\"sby_play_btn_bg\"><\/span>\n                        <svg aria-hidden=\"true\" focusable=\"false\" data-prefix=\"fab\" data-icon=\"youtube\" role=\"img\" xmlns=\"http:\/\/www.w3.org\/2000\/svg\" viewBox=\"0 0 576 512\" class=\"svg-inline--fa fa-youtube fa-w-18\"><path fill=\"currentColor\" d=\"M549.655 124.083c-6.281-23.65-24.787-42.276-48.284-48.597C458.781 64 288 64 288 64S117.22 64 74.629 75.486c-23.497 6.322-42.003 24.947-48.284 48.597-11.412 42.867-11.412 132.305-11.412 132.305s0 89.438 11.412 132.305c6.281 23.65 24.787 41.5 48.284 47.821C117.22 448 288 448 288 448s170.78 0 213.371-11.486c23.497-6.321 42.003-24.171 48.284-47.821 11.412-42.867 11.412-132.305 11.412-132.305s0-89.438-11.412-132.305zm-317.51 213.508V175.185l142.739 81.205-142.739 81.201z\" class=\"\"><\/path><\/svg>                    <\/div>\n                                <span class=\"sby_loader sby_hidden\" style=\"background-color: rgb(255, 255, 255);\"><\/span>\n            <\/a>\n\n                    <\/div>\n    <\/div>\n<\/div><div class=\"sby_item  sby_new sby_transition\" id=\"sby_VVVkTF95Skgxem5yZDhzNEUwYjJDZWVBLkRfb3FyaWg1M3Yw\" data-date=\"1771617047\" data-video-id=\"D_oqrih53v0\">\n    <div class=\"sby_inner_item\">\n        <div class=\"sby_video_thumbnail_wrap sby_item_video_thumbnail_wrap\">\n            <a class=\"sby_video_thumbnail sby_item_video_thumbnail\" href=\"https:\/\/www.youtube.com\/watch?v=D_oqrih53v0\" target=\"_blank\" rel=\"noopener\" data-full-res=\"https:\/\/i.ytimg.com\/vi\/D_oqrih53v0\/maxresdefault.jpg\" data-img-src-set=\"{&quot;120&quot;:&quot;https:\\\/\\\/i.ytimg.com\\\/vi\\\/D_oqrih53v0\\\/default.jpg&quot;,&quot;320&quot;:&quot;https:\\\/\\\/i.ytimg.com\\\/vi\\\/D_oqrih53v0\\\/mqdefault.jpg&quot;,&quot;480&quot;:&quot;https:\\\/\\\/i.ytimg.com\\\/vi\\\/D_oqrih53v0\\\/hqdefault.jpg&quot;,&quot;640&quot;:&quot;https:\\\/\\\/i.ytimg.com\\\/vi\\\/D_oqrih53v0\\\/sddefault.jpg&quot;}\" data-video-id=\"D_oqrih53v0\" data-video-title=\"Entrevista canciller Roberto \u00c1lvarez en Grupo de Medios Corripio\">\n                <img decoding=\"async\" src=\"https:\/\/nld.mirex.gob.do\/consular\/amsterdam\/wp-content\/plugins\/feeds-for-youtube\/img\/placeholder.png\" alt=\"\">\n\n                <div class=\"sby_thumbnail_hover sby_item_video_thumbnail_hover\">\n                    <div class=\"sby_thumbnail_hover_inner\">\n                                                    <span class=\"sby_video_title\" >Entrevista canciller Roberto \u00c1lvarez en Grupo de Medios Corripio<\/span>\n                                            <\/div>\n                <\/div>\n\n                                    <div class=\"sby_play_btn\" >\n                        <span class=\"sby_play_btn_bg\"><\/span>\n                        <svg aria-hidden=\"true\" focusable=\"false\" data-prefix=\"fab\" data-icon=\"youtube\" role=\"img\" xmlns=\"http:\/\/www.w3.org\/2000\/svg\" viewBox=\"0 0 576 512\" class=\"svg-inline--fa fa-youtube fa-w-18\"><path fill=\"currentColor\" d=\"M549.655 124.083c-6.281-23.65-24.787-42.276-48.284-48.597C458.781 64 288 64 288 64S117.22 64 74.629 75.486c-23.497 6.322-42.003 24.947-48.284 48.597-11.412 42.867-11.412 132.305-11.412 132.305s0 89.438 11.412 132.305c6.281 23.65 24.787 41.5 48.284 47.821C117.22 448 288 448 288 448s170.78 0 213.371-11.486c23.497-6.321 42.003-24.171 48.284-47.821 11.412-42.867 11.412-132.305 11.412-132.305s0-89.438-11.412-132.305zm-317.51 213.508V175.185l142.739 81.205-142.739 81.201z\" class=\"\"><\/path><\/svg>                    <\/div>\n                                <span class=\"sby_loader sby_hidden\" style=\"background-color: rgb(255, 255, 255);\"><\/span>\n            <\/a>\n\n                    <\/div>\n    <\/div>\n<\/div><div class=\"sby_item  sby_new sby_transition\" id=\"sby_VVVkTF95Skgxem5yZDhzNEUwYjJDZWVBLjRMTmFCWjl1VExR\" data-date=\"1770761382\" data-video-id=\"4LNaBZ9uTLQ\">\n    <div class=\"sby_inner_item\">\n        <div class=\"sby_video_thumbnail_wrap sby_item_video_thumbnail_wrap\">\n            <a class=\"sby_video_thumbnail sby_item_video_thumbnail\" href=\"https:\/\/www.youtube.com\/watch?v=4LNaBZ9uTLQ\" target=\"_blank\" rel=\"noopener\" data-full-res=\"https:\/\/i.ytimg.com\/vi\/4LNaBZ9uTLQ\/maxresdefault.jpg\" data-img-src-set=\"{&quot;120&quot;:&quot;https:\\\/\\\/i.ytimg.com\\\/vi\\\/4LNaBZ9uTLQ\\\/default.jpg&quot;,&quot;320&quot;:&quot;https:\\\/\\\/i.ytimg.com\\\/vi\\\/4LNaBZ9uTLQ\\\/mqdefault.jpg&quot;,&quot;480&quot;:&quot;https:\\\/\\\/i.ytimg.com\\\/vi\\\/4LNaBZ9uTLQ\\\/hqdefault.jpg&quot;,&quot;640&quot;:&quot;https:\\\/\\\/i.ytimg.com\\\/vi\\\/4LNaBZ9uTLQ\\\/sddefault.jpg&quot;}\" data-video-id=\"4LNaBZ9uTLQ\" data-video-title=\"Entrevista al canciller Roberto \u00c1lvarez- Programa Hoy Mismo Canal 9\">\n                <img decoding=\"async\" src=\"https:\/\/nld.mirex.gob.do\/consular\/amsterdam\/wp-content\/plugins\/feeds-for-youtube\/img\/placeholder.png\" alt=\"\">\n\n                <div class=\"sby_thumbnail_hover sby_item_video_thumbnail_hover\">\n                    <div class=\"sby_thumbnail_hover_inner\">\n                                                    <span class=\"sby_video_title\" >Entrevista al canciller Roberto \u00c1lvarez- Programa Hoy Mismo Canal 9<\/span>\n                                            <\/div>\n                <\/div>\n\n                                    <div class=\"sby_play_btn\" >\n                        <span class=\"sby_play_btn_bg\"><\/span>\n                        <svg aria-hidden=\"true\" focusable=\"false\" data-prefix=\"fab\" data-icon=\"youtube\" role=\"img\" xmlns=\"http:\/\/www.w3.org\/2000\/svg\" viewBox=\"0 0 576 512\" class=\"svg-inline--fa fa-youtube fa-w-18\"><path fill=\"currentColor\" d=\"M549.655 124.083c-6.281-23.65-24.787-42.276-48.284-48.597C458.781 64 288 64 288 64S117.22 64 74.629 75.486c-23.497 6.322-42.003 24.947-48.284 48.597-11.412 42.867-11.412 132.305-11.412 132.305s0 89.438 11.412 132.305c6.281 23.65 24.787 41.5 48.284 47.821C117.22 448 288 448 288 448s170.78 0 213.371-11.486c23.497-6.321 42.003-24.171 48.284-47.821 11.412-42.867 11.412-132.305 11.412-132.305s0-89.438-11.412-132.305zm-317.51 213.508V175.185l142.739 81.205-142.739 81.201z\" class=\"\"><\/path><\/svg>                    <\/div>\n                                <span class=\"sby_loader sby_hidden\" style=\"background-color: rgb(255, 255, 255);\"><\/span>\n            <\/a>\n\n                    <\/div>\n    <\/div>\n<\/div>    <\/div>\n    \n\t<div class=\"sby_footer\">\n\n    <button type=\"button\" aria-label=\"Load more content\" class=\"sby_load_btn\"  >\n        <span class=\"sby_btn_text\" >Ver m\u00e1s...<\/span>\n        <span class=\"sby_loader sby_hidden\" style=\"background-color: rgb(255, 255, 255);\"><\/span>\n    <\/button>\n\n    <span \n        class=\"sby_follow_btn\" \n            >\n        <a \n            href=\"https:\/\/www.youtube.com\/channel\/UCdL_yJH1znrd8s4E0b2CeeA\/\"\n             \n            target=\"_blank\" \n            rel=\"noopener\"\n        >\n            <svg aria-hidden=\"true\" focusable=\"false\" data-prefix=\"fab\" data-icon=\"youtube\" role=\"img\" xmlns=\"http:\/\/www.w3.org\/2000\/svg\" viewBox=\"0 0 576 512\" class=\"svg-inline--fa fa-youtube fa-w-18\"><path fill=\"currentColor\" d=\"M549.655 124.083c-6.281-23.65-24.787-42.276-48.284-48.597C458.781 64 288 64 288 64S117.22 64 74.629 75.486c-23.497 6.322-42.003 24.947-48.284 48.597-11.412 42.867-11.412 132.305-11.412 132.305s0 89.438 11.412 132.305c6.281 23.65 24.787 41.5 48.284 47.821C117.22 448 288 448 288 448s170.78 0 213.371-11.486c23.497-6.321 42.003-24.171 48.284-47.821 11.412-42.867 11.412-132.305 11.412-132.305s0-89.438-11.412-132.305zm-317.51 213.508V175.185l142.739 81.205-142.739 81.201z\" class=\"\"><\/path><\/svg>            <span  >\n                Suscribir            <\/span>\n        <\/a>\n    <\/span>\n<\/div>\n    \n\t\n<\/div>\n\n\t<style type=\"text\/css\">\n\t\t\t\t\t\t\tbody #sb_youtube_sbyUCdLyJH1znrd8s4E0b2CeeA6.sb_youtube.sby_palette_custom .sby_follow_btn a {\n\t\t\tbackground: #003870;\n\t\t}\n    \t\t\tbody #sb_youtube_sbyUCdLyJH1znrd8s4E0b2CeeA6.sb_youtube.sby_palette_custom .sby_footer .sby_load_btn {\n\t\t\tbackground: #EF3340;\n\t\t}\n        <\/style>\n\t<style type=\"text\/css\">body #sb_youtube_sbyUCdLyJH1znrd8s4E0b2CeeA6 .sby_caption_wrap .sby_caption { font-size: 13px !important}body #sb_youtube_sbyUCdLyJH1znrd8s4E0b2CeeA6 .sby_follow_btn a:hover { box-shadow:inset 0 0 10px 20px #0072CF !important}body #sb_youtube_sbyUCdLyJH1znrd8s4E0b2CeeA6[data-videostyle=boxed] .sby_items_wrap .sby_item .sby_inner_item { background-color: #ffffff !important}<\/style><\/div>\n\t\t\t\t\t\t<\/div>\n\t\t\t\t<\/div>\n\t\t\t\t\t<\/div>\n\t\t<\/div>\n\t\t\t\t\t<\/div>\n\t\t<\/section>\n\t\t\t\t<\/div>\n\t\t","protected":false},"excerpt":{"rendered":"<p>E-TICKET Formulario obligatorio para entrada y salida de la Rep\u00fablica Dominicana \u00a1Ahorra tiempo! \u00a1Ll\u00e9nalo aqui! Servicios Pasaportes Expedici\u00f3n Visa Legalizaci\u00f3n Certificaciones Nacimiento Poderes Notariales Ver todos \u00daltimas Noticias Multimedia<\/p>\n","protected":false},"author":1,"featured_media":0,"parent":0,"menu_order":0,"comment_status":"closed","ping_status":"closed","template":"","meta":{"site-sidebar-layout":"no-sidebar","site-content-layout":"page-builder","ast-site-content-layout":"default","site-content-style":"default","site-sidebar-style":"default","ast-global-header-display":"","ast-banner-title-visibility":"","ast-main-header-display":"","ast-hfb-above-header-display":"","ast-hfb-below-header-display":"","ast-hfb-mobile-header-display":"","site-post-title":"disabled","ast-breadcrumbs-content":"","ast-featured-img":"disabled","footer-sml-layout":"","ast-disable-related-posts":"","theme-transparent-header-meta":"default","adv-header-id-meta":"","stick-header-meta":"","header-above-stick-meta":"","header-main-stick-meta":"","header-below-stick-meta":"","astra-migrate-meta-layouts":"default","ast-page-background-enabled":"default","ast-page-background-meta":{"desktop":{"background-color":"","background-image":"","background-repeat":"repeat","background-position":"center center","background-size":"auto","background-attachment":"scroll","background-type":"","background-media":"","overlay-type":"","overlay-color":"","overlay-opacity":"","overlay-gradient":""},"tablet":{"background-color":"","background-image":"","background-repeat":"repeat","background-position":"center center","background-size":"auto","background-attachment":"scroll","background-type":"","background-media":"","overlay-type":"","overlay-color":"","overlay-opacity":"","overlay-gradient":""},"mobile":{"background-color":"","background-image":"","background-repeat":"repeat","background-position":"center center","background-size":"auto","background-attachment":"scroll","background-type":"","background-media":"","overlay-type":"","overlay-color":"","overlay-opacity":"","overlay-gradient":""}},"ast-content-background-meta":{"desktop":{"background-color":"var(--ast-global-color-5)","background-image":"","background-repeat":"repeat","background-position":"center center","background-size":"auto","background-attachment":"scroll","background-type":"","background-media":"","overlay-type":"","overlay-color":"","overlay-opacity":"","overlay-gradient":""},"tablet":{"background-color":"var(--ast-global-color-5)","background-image":"","background-repeat":"repeat","background-position":"center center","background-size":"auto","background-attachment":"scroll","background-type":"","background-media":"","overlay-type":"","overlay-color":"","overlay-opacity":"","overlay-gradient":""},"mobile":{"background-color":"var(--ast-global-color-5)","background-image":"","background-repeat":"repeat","background-position":"center center","background-size":"auto","background-attachment":"scroll","background-type":"","background-media":"","overlay-type":"","overlay-color":"","overlay-opacity":"","overlay-gradient":""}},"footnotes":""},"categories":[],"tags":[],"class_list":["post-13","page","type-page","status-publish","hentry"],"yoast_head":"<!-- This site is optimized with the Yoast SEO plugin v27.4 - https:\/\/yoast.com\/product\/yoast-seo-wordpress\/ -->\n<title>Inicio - Consulado General de la Rep\u00fablica Dominicana en La Haya, Reino de los Pa\u00edses Bajos<\/title>\n<meta name=\"robots\" content=\"index, follow, max-snippet:-1, max-image-preview:large, max-video-preview:-1\" \/>\n<link rel=\"canonical\" href=\"https:\/\/nld.mirex.gob.do\/consular\/amsterdam\/\" \/>\n<meta property=\"og:locale\" content=\"en_US\" \/>\n<meta property=\"og:type\" content=\"article\" \/>\n<meta property=\"og:title\" content=\"Inicio - Consulado General de la Rep\u00fablica Dominicana en La Haya, Reino de los Pa\u00edses Bajos\" \/>\n<meta property=\"og:description\" content=\"E-TICKET Formulario obligatorio para entrada y salida de la Rep\u00fablica Dominicana \u00a1Ahorra tiempo! \u00a1Ll\u00e9nalo aqui! Servicios Pasaportes Expedici\u00f3n Visa Legalizaci\u00f3n Certificaciones Nacimiento Poderes Notariales Ver todos \u00daltimas Noticias Multimedia\" \/>\n<meta property=\"og:url\" content=\"https:\/\/nld.mirex.gob.do\/consular\/amsterdam\/\" \/>\n<meta property=\"og:site_name\" content=\"Consulado General de la Rep\u00fablica Dominicana en La Haya, Reino de los Pa\u00edses Bajos\" \/>\n<meta property=\"article:modified_time\" content=\"2024-02-14T17:01:27+00:00\" \/>\n<meta property=\"og:image\" content=\"https:\/\/nld.mirex.gob.do\/consular\/amsterdam\/wp-content\/uploads\/2022\/06\/auth-image.png\" \/>\n<meta name=\"twitter:card\" content=\"summary_large_image\" \/>\n<meta name=\"twitter:label1\" content=\"Est. reading time\" \/>\n\t<meta name=\"twitter:data1\" content=\"3 minutes\" \/>\n<script type=\"application\/ld+json\" class=\"yoast-schema-graph\">{\"@context\":\"https:\\\/\\\/schema.org\",\"@graph\":[{\"@type\":\"WebPage\",\"@id\":\"https:\\\/\\\/nld.mirex.gob.do\\\/consular\\\/amsterdam\\\/\",\"url\":\"https:\\\/\\\/nld.mirex.gob.do\\\/consular\\\/amsterdam\\\/\",\"name\":\"Inicio - Consulado General de la Rep\u00fablica Dominicana en La Haya, Reino de los Pa\u00edses Bajos\",\"isPartOf\":{\"@id\":\"https:\\\/\\\/nld.mirex.gob.do\\\/consular\\\/amsterdam\\\/#website\"},\"primaryImageOfPage\":{\"@id\":\"https:\\\/\\\/nld.mirex.gob.do\\\/consular\\\/amsterdam\\\/#primaryimage\"},\"image\":{\"@id\":\"https:\\\/\\\/nld.mirex.gob.do\\\/consular\\\/amsterdam\\\/#primaryimage\"},\"thumbnailUrl\":\"https:\\\/\\\/nld.mirex.gob.do\\\/consular\\\/amsterdam\\\/wp-content\\\/uploads\\\/2022\\\/06\\\/auth-image.png\",\"datePublished\":\"2021-07-09T16:00:06+00:00\",\"dateModified\":\"2024-02-14T17:01:27+00:00\",\"breadcrumb\":{\"@id\":\"https:\\\/\\\/nld.mirex.gob.do\\\/consular\\\/amsterdam\\\/#breadcrumb\"},\"inLanguage\":\"en-US\",\"potentialAction\":[{\"@type\":\"ReadAction\",\"target\":[\"https:\\\/\\\/nld.mirex.gob.do\\\/consular\\\/amsterdam\\\/\"]}]},{\"@type\":\"ImageObject\",\"inLanguage\":\"en-US\",\"@id\":\"https:\\\/\\\/nld.mirex.gob.do\\\/consular\\\/amsterdam\\\/#primaryimage\",\"url\":\"https:\\\/\\\/nld.mirex.gob.do\\\/consular\\\/amsterdam\\\/wp-content\\\/uploads\\\/2022\\\/06\\\/auth-image.png\",\"contentUrl\":\"https:\\\/\\\/nld.mirex.gob.do\\\/consular\\\/amsterdam\\\/wp-content\\\/uploads\\\/2022\\\/06\\\/auth-image.png\",\"width\":801,\"height\":418},{\"@type\":\"BreadcrumbList\",\"@id\":\"https:\\\/\\\/nld.mirex.gob.do\\\/consular\\\/amsterdam\\\/#breadcrumb\",\"itemListElement\":[{\"@type\":\"ListItem\",\"position\":1,\"name\":\"Inicio\",\"item\":\"https:\\\/\\\/nld.mirex.gob.do\\\/consular\\\/amsterdam\\\/\"},{\"@type\":\"ListItem\",\"position\":2,\"name\":\"Inicio\"}]},{\"@type\":\"WebSite\",\"@id\":\"https:\\\/\\\/nld.mirex.gob.do\\\/consular\\\/amsterdam\\\/#website\",\"url\":\"https:\\\/\\\/nld.mirex.gob.do\\\/consular\\\/amsterdam\\\/\",\"name\":\"Consulado General de la Rep\u00fablica Dominicana en La Haya, Reino de los Pa\u00edses Bajos\",\"description\":\"\",\"publisher\":{\"@id\":\"https:\\\/\\\/nld.mirex.gob.do\\\/consular\\\/amsterdam\\\/#organization\"},\"potentialAction\":[{\"@type\":\"SearchAction\",\"target\":{\"@type\":\"EntryPoint\",\"urlTemplate\":\"https:\\\/\\\/nld.mirex.gob.do\\\/consular\\\/amsterdam\\\/?s={search_term_string}\"},\"query-input\":{\"@type\":\"PropertyValueSpecification\",\"valueRequired\":true,\"valueName\":\"search_term_string\"}}],\"inLanguage\":\"en-US\"},{\"@type\":\"Organization\",\"@id\":\"https:\\\/\\\/nld.mirex.gob.do\\\/consular\\\/amsterdam\\\/#organization\",\"name\":\"Consulado General de la Rep\u00fablica Dominicana en La Haya, Reino de los Pa\u00edses Bajos\",\"url\":\"https:\\\/\\\/nld.mirex.gob.do\\\/consular\\\/amsterdam\\\/\",\"logo\":{\"@type\":\"ImageObject\",\"inLanguage\":\"en-US\",\"@id\":\"https:\\\/\\\/nld.mirex.gob.do\\\/consular\\\/amsterdam\\\/#\\\/schema\\\/logo\\\/image\\\/\",\"url\":\"https:\\\/\\\/nld.mirex.gob.do\\\/consular\\\/amsterdam\\\/wp-content\\\/uploads\\\/2024\\\/04\\\/cropped-consulado_la_haya_reinode_los_Paises_Bajos.jpg\",\"contentUrl\":\"https:\\\/\\\/nld.mirex.gob.do\\\/consular\\\/amsterdam\\\/wp-content\\\/uploads\\\/2024\\\/04\\\/cropped-consulado_la_haya_reinode_los_Paises_Bajos.jpg\",\"width\":999,\"height\":407,\"caption\":\"Consulado General de la Rep\u00fablica Dominicana en La Haya, Reino de los Pa\u00edses Bajos\"},\"image\":{\"@id\":\"https:\\\/\\\/nld.mirex.gob.do\\\/consular\\\/amsterdam\\\/#\\\/schema\\\/logo\\\/image\\\/\"}}]}<\/script>\n<!-- \/ Yoast SEO plugin. -->","yoast_head_json":{"title":"Inicio - Consulado General de la Rep\u00fablica Dominicana en La Haya, Reino de los Pa\u00edses Bajos","robots":{"index":"index","follow":"follow","max-snippet":"max-snippet:-1","max-image-preview":"max-image-preview:large","max-video-preview":"max-video-preview:-1"},"canonical":"https:\/\/nld.mirex.gob.do\/consular\/amsterdam\/","og_locale":"en_US","og_type":"article","og_title":"Inicio - Consulado General de la Rep\u00fablica Dominicana en La Haya, Reino de los Pa\u00edses Bajos","og_description":"E-TICKET Formulario obligatorio para entrada y salida de la Rep\u00fablica Dominicana \u00a1Ahorra tiempo! \u00a1Ll\u00e9nalo aqui! Servicios Pasaportes Expedici\u00f3n Visa Legalizaci\u00f3n Certificaciones Nacimiento Poderes Notariales Ver todos \u00daltimas Noticias Multimedia","og_url":"https:\/\/nld.mirex.gob.do\/consular\/amsterdam\/","og_site_name":"Consulado General de la Rep\u00fablica Dominicana en La Haya, Reino de los Pa\u00edses Bajos","article_modified_time":"2024-02-14T17:01:27+00:00","og_image":[{"url":"https:\/\/nld.mirex.gob.do\/consular\/amsterdam\/wp-content\/uploads\/2022\/06\/auth-image.png","type":"","width":"","height":""}],"twitter_card":"summary_large_image","twitter_misc":{"Est. reading time":"3 minutes"},"schema":{"@context":"https:\/\/schema.org","@graph":[{"@type":"WebPage","@id":"https:\/\/nld.mirex.gob.do\/consular\/amsterdam\/","url":"https:\/\/nld.mirex.gob.do\/consular\/amsterdam\/","name":"Inicio - Consulado General de la Rep\u00fablica Dominicana en La Haya, Reino de los Pa\u00edses Bajos","isPartOf":{"@id":"https:\/\/nld.mirex.gob.do\/consular\/amsterdam\/#website"},"primaryImageOfPage":{"@id":"https:\/\/nld.mirex.gob.do\/consular\/amsterdam\/#primaryimage"},"image":{"@id":"https:\/\/nld.mirex.gob.do\/consular\/amsterdam\/#primaryimage"},"thumbnailUrl":"https:\/\/nld.mirex.gob.do\/consular\/amsterdam\/wp-content\/uploads\/2022\/06\/auth-image.png","datePublished":"2021-07-09T16:00:06+00:00","dateModified":"2024-02-14T17:01:27+00:00","breadcrumb":{"@id":"https:\/\/nld.mirex.gob.do\/consular\/amsterdam\/#breadcrumb"},"inLanguage":"en-US","potentialAction":[{"@type":"ReadAction","target":["https:\/\/nld.mirex.gob.do\/consular\/amsterdam\/"]}]},{"@type":"ImageObject","inLanguage":"en-US","@id":"https:\/\/nld.mirex.gob.do\/consular\/amsterdam\/#primaryimage","url":"https:\/\/nld.mirex.gob.do\/consular\/amsterdam\/wp-content\/uploads\/2022\/06\/auth-image.png","contentUrl":"https:\/\/nld.mirex.gob.do\/consular\/amsterdam\/wp-content\/uploads\/2022\/06\/auth-image.png","width":801,"height":418},{"@type":"BreadcrumbList","@id":"https:\/\/nld.mirex.gob.do\/consular\/amsterdam\/#breadcrumb","itemListElement":[{"@type":"ListItem","position":1,"name":"Inicio","item":"https:\/\/nld.mirex.gob.do\/consular\/amsterdam\/"},{"@type":"ListItem","position":2,"name":"Inicio"}]},{"@type":"WebSite","@id":"https:\/\/nld.mirex.gob.do\/consular\/amsterdam\/#website","url":"https:\/\/nld.mirex.gob.do\/consular\/amsterdam\/","name":"Consulado General de la Rep\u00fablica Dominicana en La Haya, Reino de los Pa\u00edses Bajos","description":"","publisher":{"@id":"https:\/\/nld.mirex.gob.do\/consular\/amsterdam\/#organization"},"potentialAction":[{"@type":"SearchAction","target":{"@type":"EntryPoint","urlTemplate":"https:\/\/nld.mirex.gob.do\/consular\/amsterdam\/?s={search_term_string}"},"query-input":{"@type":"PropertyValueSpecification","valueRequired":true,"valueName":"search_term_string"}}],"inLanguage":"en-US"},{"@type":"Organization","@id":"https:\/\/nld.mirex.gob.do\/consular\/amsterdam\/#organization","name":"Consulado General de la Rep\u00fablica Dominicana en La Haya, Reino de los Pa\u00edses Bajos","url":"https:\/\/nld.mirex.gob.do\/consular\/amsterdam\/","logo":{"@type":"ImageObject","inLanguage":"en-US","@id":"https:\/\/nld.mirex.gob.do\/consular\/amsterdam\/#\/schema\/logo\/image\/","url":"https:\/\/nld.mirex.gob.do\/consular\/amsterdam\/wp-content\/uploads\/2024\/04\/cropped-consulado_la_haya_reinode_los_Paises_Bajos.jpg","contentUrl":"https:\/\/nld.mirex.gob.do\/consular\/amsterdam\/wp-content\/uploads\/2024\/04\/cropped-consulado_la_haya_reinode_los_Paises_Bajos.jpg","width":999,"height":407,"caption":"Consulado General de la Rep\u00fablica Dominicana en La Haya, Reino de los Pa\u00edses Bajos"},"image":{"@id":"https:\/\/nld.mirex.gob.do\/consular\/amsterdam\/#\/schema\/logo\/image\/"}}]}},"_links":{"self":[{"href":"https:\/\/nld.mirex.gob.do\/consular\/amsterdam\/wp-json\/wp\/v2\/pages\/13","targetHints":{"allow":["GET"]}}],"collection":[{"href":"https:\/\/nld.mirex.gob.do\/consular\/amsterdam\/wp-json\/wp\/v2\/pages"}],"about":[{"href":"https:\/\/nld.mirex.gob.do\/consular\/amsterdam\/wp-json\/wp\/v2\/types\/page"}],"author":[{"embeddable":true,"href":"https:\/\/nld.mirex.gob.do\/consular\/amsterdam\/wp-json\/wp\/v2\/users\/1"}],"replies":[{"embeddable":true,"href":"https:\/\/nld.mirex.gob.do\/consular\/amsterdam\/wp-json\/wp\/v2\/comments?post=13"}],"version-history":[{"count":1219,"href":"https:\/\/nld.mirex.gob.do\/consular\/amsterdam\/wp-json\/wp\/v2\/pages\/13\/revisions"}],"predecessor-version":[{"id":6207,"href":"https:\/\/nld.mirex.gob.do\/consular\/amsterdam\/wp-json\/wp\/v2\/pages\/13\/revisions\/6207"}],"wp:attachment":[{"href":"https:\/\/nld.mirex.gob.do\/consular\/amsterdam\/wp-json\/wp\/v2\/media?parent=13"}],"wp:term":[{"taxonomy":"category","embeddable":true,"href":"https:\/\/nld.mirex.gob.do\/consular\/amsterdam\/wp-json\/wp\/v2\/categories?post=13"},{"taxonomy":"post_tag","embeddable":true,"href":"https:\/\/nld.mirex.gob.do\/consular\/amsterdam\/wp-json\/wp\/v2\/tags?post=13"}],"curies":[{"name":"wp","href":"https:\/\/api.w.org\/{rel}","templated":true}]}}