{"version":"1.0","provider_name":"Consulado General de la Rep\u00fablica Dominicana en La Haya, Reino de los Pa\u00edses Bajos","provider_url":"https:\/\/nld.mirex.gob.do\/consular\/amsterdam","title":"Finaliz\u00f3 con exito la feria \u201cExpo Mango 2017\u201d - Consulado General de la Rep\u00fablica Dominicana en La Haya, Reino de los Pa\u00edses Bajos","type":"rich","width":600,"height":338,"html":"<blockquote class=\"wp-embedded-content\" data-secret=\"yxoB006VDV\"><a href=\"https:\/\/nld.mirex.gob.do\/consular\/amsterdam\/finalizo-exito-la-feria-expo-mango-2017\/\">Finaliz\u00f3 con exito la feria \u201cExpo Mango 2017\u201d<\/a><\/blockquote><iframe sandbox=\"allow-scripts\" security=\"restricted\" src=\"https:\/\/nld.mirex.gob.do\/consular\/amsterdam\/finalizo-exito-la-feria-expo-mango-2017\/embed\/#?secret=yxoB006VDV\" width=\"600\" height=\"338\" title=\"&#8220;Finaliz\u00f3 con exito la feria \u201cExpo Mango 2017\u201d&#8221; &#8212; Consulado General de la Rep\u00fablica Dominicana en La Haya, Reino de los Pa\u00edses Bajos\" data-secret=\"yxoB006VDV\" frameborder=\"0\" marginwidth=\"0\" marginheight=\"0\" scrolling=\"no\" class=\"wp-embedded-content\"><\/iframe><script>\n\/*! This file is auto-generated *\/\n!function(d,l){\"use strict\";l.querySelector&&d.addEventListener&&\"undefined\"!=typeof URL&&(d.wp=d.wp||{},d.wp.receiveEmbedMessage||(d.wp.receiveEmbedMessage=function(e){var t=e.data;if((t||t.secret||t.message||t.value)&&!\/[^a-zA-Z0-9]\/.test(t.secret)){for(var s,r,n,a=l.querySelectorAll('iframe[data-secret=\"'+t.secret+'\"]'),o=l.querySelectorAll('blockquote[data-secret=\"'+t.secret+'\"]'),c=new RegExp(\"^https?:$\",\"i\"),i=0;i<o.length;i++)o[i].style.display=\"none\";for(i=0;i<a.length;i++)s=a[i],e.source===s.contentWindow&&(s.removeAttribute(\"style\"),\"height\"===t.message?(1e3<(r=parseInt(t.value,10))?r=1e3:~~r<200&&(r=200),s.height=r):\"link\"===t.message&&(r=new URL(s.getAttribute(\"src\")),n=new URL(t.value),c.test(n.protocol))&&n.host===r.host&&l.activeElement===s&&(d.top.location.href=t.value))}},d.addEventListener(\"message\",d.wp.receiveEmbedMessage,!1),l.addEventListener(\"DOMContentLoaded\",function(){for(var e,t,s=l.querySelectorAll(\"iframe.wp-embedded-content\"),r=0;r<s.length;r++)(t=(e=s[r]).getAttribute(\"data-secret\"))||(t=Math.random().toString(36).substring(2,12),e.src+=\"#?secret=\"+t,e.setAttribute(\"data-secret\",t)),e.contentWindow.postMessage({message:\"ready\",secret:t},\"*\")},!1)))}(window,document);\n\/\/# sourceURL=https:\/\/nld.mirex.gob.do\/consular\/amsterdam\/wp-includes\/js\/wp-embed.min.js\n<\/script>\n","thumbnail_url":null,"thumbnail_width":null,"thumbnail_height":null,"description":"Con la asistencia de miles de visitantes concluy\u00f3 este domingo la XIII versi\u00f3n de la fiesta por la cosecha del mango en la Rep\u00fablica Dominicana \u201cExpo Mango 2017. En nombre del comit\u00e9 organizador de ExpoMango 2017, la licenciada Gisela Taveras, directora ejecutiva del Cl\u00faster del Mango Dominicano, expres\u00f3 de manera emotiva su agradecimiento por el [&hellip;]"}