{"version":"1.0","provider_name":"Consulado General de la Rep\u00fablica Dominicana en La Haya, Reino de los Pa\u00edses Bajos","provider_url":"https:\/\/nld.mirex.gob.do\/consular\/amsterdam","title":"D\u00eda de Nuestra Se\u00f1ora de las Mercedes - Consulado General de la Rep\u00fablica Dominicana en La Haya, Reino de los Pa\u00edses Bajos","type":"rich","width":600,"height":338,"html":"<blockquote class=\"wp-embedded-content\" data-secret=\"5xdUevl4z8\"><a href=\"https:\/\/nld.mirex.gob.do\/consular\/amsterdam\/dia-de-nuestra-senora-de-las-mercedes\/\">D\u00eda de Nuestra Se\u00f1ora de las Mercedes<\/a><\/blockquote><iframe sandbox=\"allow-scripts\" security=\"restricted\" src=\"https:\/\/nld.mirex.gob.do\/consular\/amsterdam\/dia-de-nuestra-senora-de-las-mercedes\/embed\/#?secret=5xdUevl4z8\" width=\"600\" height=\"338\" title=\"&#8220;D\u00eda de Nuestra Se\u00f1ora de las Mercedes&#8221; &#8212; Consulado General de la Rep\u00fablica Dominicana en La Haya, Reino de los Pa\u00edses Bajos\" data-secret=\"5xdUevl4z8\" frameborder=\"0\" marginwidth=\"0\" marginheight=\"0\" scrolling=\"no\" class=\"wp-embedded-content\"><\/iframe><script>\n\/*! This file is auto-generated *\/\n!function(d,l){\"use strict\";l.querySelector&&d.addEventListener&&\"undefined\"!=typeof URL&&(d.wp=d.wp||{},d.wp.receiveEmbedMessage||(d.wp.receiveEmbedMessage=function(e){var t=e.data;if((t||t.secret||t.message||t.value)&&!\/[^a-zA-Z0-9]\/.test(t.secret)){for(var s,r,n,a=l.querySelectorAll('iframe[data-secret=\"'+t.secret+'\"]'),o=l.querySelectorAll('blockquote[data-secret=\"'+t.secret+'\"]'),c=new RegExp(\"^https?:$\",\"i\"),i=0;i<o.length;i++)o[i].style.display=\"none\";for(i=0;i<a.length;i++)s=a[i],e.source===s.contentWindow&&(s.removeAttribute(\"style\"),\"height\"===t.message?(1e3<(r=parseInt(t.value,10))?r=1e3:~~r<200&&(r=200),s.height=r):\"link\"===t.message&&(r=new URL(s.getAttribute(\"src\")),n=new URL(t.value),c.test(n.protocol))&&n.host===r.host&&l.activeElement===s&&(d.top.location.href=t.value))}},d.addEventListener(\"message\",d.wp.receiveEmbedMessage,!1),l.addEventListener(\"DOMContentLoaded\",function(){for(var e,t,s=l.querySelectorAll(\"iframe.wp-embedded-content\"),r=0;r<s.length;r++)(t=(e=s[r]).getAttribute(\"data-secret\"))||(t=Math.random().toString(36).substring(2,12),e.src+=\"#?secret=\"+t,e.setAttribute(\"data-secret\",t)),e.contentWindow.postMessage({message:\"ready\",secret:t},\"*\")},!1)))}(window,document);\n\/\/# sourceURL=https:\/\/nld.mirex.gob.do\/consular\/amsterdam\/wp-includes\/js\/wp-embed.min.js\n<\/script>\n","thumbnail_url":null,"thumbnail_width":null,"thumbnail_height":null,"description":"Hoy conmemoramos el d\u00eda de la patrona espiritual de Rep\u00fablica Dominicana &#x1f1e9;&#x1f1f4;. Nuestra Virgen de la Merced es la madre espiritual de miles de creyentes que profesan la fe cat\u00f3lica, donde cada 24 de septiembre la veneraci\u00f3n de la Santa Virgen se ha convertido en una tradici\u00f3n de las dominicanas y dominicanos, siendo el Santo [&hellip;]"}