{"version":"1.0","provider_name":"Consulado General de la Rep\u00fablica Dominicana en La Haya, Reino de los Pa\u00edses Bajos","provider_url":"https:\/\/nld.mirex.gob.do\/consular\/amsterdam","title":"Cancilleria anuncia servicio de repatriaci\u00f3n funeraria - Consulado General de la Rep\u00fablica Dominicana en La Haya, Reino de los Pa\u00edses Bajos","type":"rich","width":600,"height":338,"html":"<blockquote class=\"wp-embedded-content\" data-secret=\"zVPyG1qAMr\"><a href=\"https:\/\/nld.mirex.gob.do\/consular\/amsterdam\/cancilleria-anuncia-servicio-repatriacion-funeraria\/\">Cancilleria anuncia servicio de repatriaci\u00f3n funeraria<\/a><\/blockquote><iframe sandbox=\"allow-scripts\" security=\"restricted\" src=\"https:\/\/nld.mirex.gob.do\/consular\/amsterdam\/cancilleria-anuncia-servicio-repatriacion-funeraria\/embed\/#?secret=zVPyG1qAMr\" width=\"600\" height=\"338\" title=\"&#8220;Cancilleria anuncia servicio de repatriaci\u00f3n funeraria&#8221; &#8212; Consulado General de la Rep\u00fablica Dominicana en La Haya, Reino de los Pa\u00edses Bajos\" data-secret=\"zVPyG1qAMr\" frameborder=\"0\" marginwidth=\"0\" marginheight=\"0\" scrolling=\"no\" class=\"wp-embedded-content\"><\/iframe><script>\n\/*! This file is auto-generated *\/\n!function(d,l){\"use strict\";l.querySelector&&d.addEventListener&&\"undefined\"!=typeof URL&&(d.wp=d.wp||{},d.wp.receiveEmbedMessage||(d.wp.receiveEmbedMessage=function(e){var t=e.data;if((t||t.secret||t.message||t.value)&&!\/[^a-zA-Z0-9]\/.test(t.secret)){for(var s,r,n,a=l.querySelectorAll('iframe[data-secret=\"'+t.secret+'\"]'),o=l.querySelectorAll('blockquote[data-secret=\"'+t.secret+'\"]'),c=new RegExp(\"^https?:$\",\"i\"),i=0;i<o.length;i++)o[i].style.display=\"none\";for(i=0;i<a.length;i++)s=a[i],e.source===s.contentWindow&&(s.removeAttribute(\"style\"),\"height\"===t.message?(1e3<(r=parseInt(t.value,10))?r=1e3:~~r<200&&(r=200),s.height=r):\"link\"===t.message&&(r=new URL(s.getAttribute(\"src\")),n=new URL(t.value),c.test(n.protocol))&&n.host===r.host&&l.activeElement===s&&(d.top.location.href=t.value))}},d.addEventListener(\"message\",d.wp.receiveEmbedMessage,!1),l.addEventListener(\"DOMContentLoaded\",function(){for(var e,t,s=l.querySelectorAll(\"iframe.wp-embedded-content\"),r=0;r<s.length;r++)(t=(e=s[r]).getAttribute(\"data-secret\"))||(t=Math.random().toString(36).substring(2,12),e.src+=\"#?secret=\"+t,e.setAttribute(\"data-secret\",t)),e.contentWindow.postMessage({message:\"ready\",secret:t},\"*\")},!1)))}(window,document);\n\/\/# sourceURL=https:\/\/nld.mirex.gob.do\/consular\/amsterdam\/wp-includes\/js\/wp-embed.min.js\n<\/script>\n","thumbnail_url":null,"thumbnail_width":null,"thumbnail_height":null,"description":"Como parte del compromiso de protecci\u00f3n al dominicano residente en el exterior asumido por la actual gesti\u00f3n del Ministerio de Relaciones Exteriores (MIREX), el canciller Miguel Vargas anunci\u00f3 ayer la entrada en vigencia de un seguro que se aplicar\u00e1 a trav\u00e9s de las oficinas consulares, el que garantizar\u00e1 la repatriaci\u00f3n de restos al pa\u00eds o [&hellip;]"}